{"id":318,"date":"2017-11-21T00:26:14","date_gmt":"2017-11-20T23:26:14","guid":{"rendered":"http:\/\/www.mairie-gassin.fr\/?page_id=318"},"modified":"2020-09-23T08:51:48","modified_gmt":"2020-09-23T06:51:48","slug":"comite-communal-des-feux-de-forets","status":"publish","type":"page","link":"https:\/\/www.mairie-gassin.fr\/fr\/environnement-qualite-de-vie\/comite-communal-des-feux-de-forets\/","title":{"rendered":"Comit\u00e9 Communal des Feux de F\u00f4rets"},"content":{"rendered":"\n<div class=\"wp-block-image\"><figure class=\"alignleft size-large\"><img loading=\"lazy\" decoding=\"async\" width=\"1024\" height=\"576\" src=\"https:\/\/www.mairie-gassin.fr\/wp-content\/uploads\/2020\/09\/CCFF1-1024x576.png\" alt=\"\" class=\"wp-image-2443\" srcset=\"https:\/\/www.mairie-gassin.fr\/wp-content\/uploads\/2020\/09\/CCFF1-1024x576.png 1024w, https:\/\/www.mairie-gassin.fr\/wp-content\/uploads\/2020\/09\/CCFF1-300x169.png 300w, https:\/\/www.mairie-gassin.fr\/wp-content\/uploads\/2020\/09\/CCFF1-768x432.png 768w, https:\/\/www.mairie-gassin.fr\/wp-content\/uploads\/2020\/09\/CCFF1.png 1334w\" sizes=\"auto, (max-width: 1024px) 100vw, 1024px\" \/><\/figure><\/div>\n\n\n\n<p class=\"wp-block-paragraph\">Les gros incendies de 2003 ont rendu n\u00e9cessaire la pr\u00e9sence d\u2019un Comit\u00e9 Communal des Feux de For\u00eats (CCFF).<\/p>\n\n\n\n<p class=\"wp-block-paragraph\">Le CCFF a \u00e9t\u00e9 cr\u00e9\u00e9 par arr\u00eat\u00e9 municipal du 26 f\u00e9vrier 2004 et est compos\u00e9 de b\u00e9n\u00e9voles.<\/p>\n\n\n\n<p class=\"wp-block-paragraph\">Les attributions du CCFF sont les suivantes :<\/p>\n\n\n\n<ul class=\"wp-block-list\"><li>assistance au maire pour les conseils \u00e0 la population concernant le d\u00e9broussaillement obligatoire, et emploi du feu<\/li><li>surveillance de l\u2019\u00e9tat des pistes et \u00e9quipements DFCI se trouvant sur la commune et propositions pour d\u2019\u00e9ventuelles r\u00e9fections<\/li><li>balisage \u00e9ventuel compl\u00e9mentaire des pistes DFCI<\/li><li>participation \u00e0 l\u2019\u00e9laboration ou \u00e0 la r\u00e9vision des PIDAF (Plan Intercommunal d\u2019Am\u00e9nagement Forestier) de la commune, mais aussi au PPRIF (Plan de Pr\u00e9vention des Risques d\u2019Incendie de For\u00eat) s\u2019il y a lieu<\/li><li>pr\u00e9paration en amont du plan logistique dont l\u2019application serait rendue n\u00e9cessaire dans le cadre d\u2019un sinistre (plans de r\u00e9quisitions, nourriture, carburants et accueil des sinistr\u00e9s)<\/li><li>participation avec le maire et le Conseil G\u00e9n\u00e9ral \u00e0 la mise en place des Comit\u00e9s de secteurs du Conseil G\u00e9n\u00e9ral<\/li><\/ul>\n\n\n\n<p class=\"wp-block-paragraph\">Ceci, lorsque tout va bien. D\u00e8s lors qu\u2019on entrerait dans une p\u00e9riode de risques d\u2019incendies, le CCFF proc\u00e8de \u00e0 la pr\u00e9vention des incendies en ex\u00e9cutant un service de guets et de patrouilles, en coordination locale avec les services de secours.<\/p>\n\n\n\n<p class=\"wp-block-paragraph\">En cas de sinistre, le CCFF proc\u00e8de aux patrouilles, donne l\u2019alerte puis d\u00e9bute l\u2019intervention dans la mesure de ses moyens.<\/p>\n\n\n\n<p class=\"wp-block-paragraph\">La patrouille prend les mesures n\u00e9cessaires de guidage des services de secours pour faciliter leur intervention.<\/p>\n\n\n\n<p class=\"wp-block-paragraph\">Le CCFF dispose d\u2019un v\u00e9hicule porteur d\u2019eau (600 litres) de premi\u00e8re intervention, de tenues r\u00e9glementaires, de cartes d\u2019identit\u00e9 CCFF, de radios et de t\u00e9l\u00e9phones portables.<\/p>\n\n\n\n<div class=\"wp-block-image\"><figure class=\"aligncenter size-large\"><img loading=\"lazy\" decoding=\"async\" width=\"1024\" height=\"768\" src=\"https:\/\/www.mairie-gassin.fr\/wp-content\/uploads\/2020\/09\/CCFF2-1024x768.jpg\" alt=\"\" class=\"wp-image-2446\" srcset=\"https:\/\/www.mairie-gassin.fr\/wp-content\/uploads\/2020\/09\/CCFF2-1024x768.jpg 1024w, https:\/\/www.mairie-gassin.fr\/wp-content\/uploads\/2020\/09\/CCFF2-300x225.jpg 300w, https:\/\/www.mairie-gassin.fr\/wp-content\/uploads\/2020\/09\/CCFF2-768x576.jpg 768w, https:\/\/www.mairie-gassin.fr\/wp-content\/uploads\/2020\/09\/CCFF2-1536x1152.jpg 1536w, https:\/\/www.mairie-gassin.fr\/wp-content\/uploads\/2020\/09\/CCFF2-2048x1536.jpg 2048w\" sizes=\"auto, (max-width: 1024px) 100vw, 1024px\" \/><\/figure><\/div>\n","protected":false},"excerpt":{"rendered":"<p>Les gros incendies de 2003 ont rendu n\u00e9cessaire la pr\u00e9sence d\u2019un Comit\u00e9 Communal des Feux de For\u00eats (CCFF). Le CCFF a \u00e9t\u00e9 cr\u00e9\u00e9 par arr\u00eat\u00e9 municipal du 26 f\u00e9vrier 2004 et est compos\u00e9 de b\u00e9n\u00e9voles. Les attributions du CCFF sont les suivantes : assistance au maire pour les conseils \u00e0 la population concernant le d\u00e9broussaillement<a class=\"excerpt-read-more\" href=\"https:\/\/www.mairie-gassin.fr\/fr\/environnement-qualite-de-vie\/comite-communal-des-feux-de-forets\/\" title=\"ReadComit\u00e9 Communal des Feux de F\u00f4rets\">&#8230; Read more &raquo;<\/a><\/p>\n","protected":false},"author":11,"featured_media":0,"parent":44,"menu_order":72,"comment_status":"closed","ping_status":"closed","template":"","meta":{"_acf_changed":false,"_crdt_document":"","footnotes":""},"class_list":["post-318","page","type-page","status-publish","hentry"],"acf":[],"_links":{"self":[{"href":"https:\/\/www.mairie-gassin.fr\/fr\/wp-json\/wp\/v2\/pages\/318","targetHints":{"allow":["GET"]}}],"collection":[{"href":"https:\/\/www.mairie-gassin.fr\/fr\/wp-json\/wp\/v2\/pages"}],"about":[{"href":"https:\/\/www.mairie-gassin.fr\/fr\/wp-json\/wp\/v2\/types\/page"}],"author":[{"embeddable":true,"href":"https:\/\/www.mairie-gassin.fr\/fr\/wp-json\/wp\/v2\/users\/11"}],"replies":[{"embeddable":true,"href":"https:\/\/www.mairie-gassin.fr\/fr\/wp-json\/wp\/v2\/comments?post=318"}],"version-history":[{"count":5,"href":"https:\/\/www.mairie-gassin.fr\/fr\/wp-json\/wp\/v2\/pages\/318\/revisions"}],"predecessor-version":[{"id":2447,"href":"https:\/\/www.mairie-gassin.fr\/fr\/wp-json\/wp\/v2\/pages\/318\/revisions\/2447"}],"up":[{"embeddable":true,"href":"https:\/\/www.mairie-gassin.fr\/fr\/wp-json\/wp\/v2\/pages\/44"}],"wp:attachment":[{"href":"https:\/\/www.mairie-gassin.fr\/fr\/wp-json\/wp\/v2\/media?parent=318"}],"curies":[{"name":"wp","href":"https:\/\/api.w.org\/{rel}","templated":true}]}}