{"id":350,"date":"2017-11-21T22:06:36","date_gmt":"2017-11-21T21:06:36","guid":{"rendered":"http:\/\/www.mairie-gassin.fr\/?page_id=350"},"modified":"2026-03-30T12:37:27","modified_gmt":"2026-03-30T10:37:27","slug":"scolarite","status":"publish","type":"page","link":"https:\/\/www.mairie-gassin.fr\/fr\/famille\/scolarite\/","title":{"rendered":"Scolarit\u00e9"},"content":{"rendered":"\n<h2 class=\"wp-block-heading\">Ecole maternelle<\/h2>\n\n\n<div class=\"wp-block-image\">\n<figure class=\"alignleft\"><img loading=\"lazy\" decoding=\"async\" width=\"266\" height=\"333\" src=\"http:\/\/www.mairie-gassin.fr\/wp-content\/uploads\/2017\/11\/unegazettedec.jpg\" alt=\"\" class=\"wp-image-355\" srcset=\"https:\/\/www.mairie-gassin.fr\/wp-content\/uploads\/2017\/11\/unegazettedec.jpg 266w, https:\/\/www.mairie-gassin.fr\/wp-content\/uploads\/2017\/11\/unegazettedec-240x300.jpg 240w\" sizes=\"auto, (max-width: 266px) 100vw, 266px\" \/><\/figure>\n<\/div>\n\n\n<p class=\"wp-block-paragraph\">L\u2019Ecole Maternelle de Gassin \u00ab&nbsp;L\u2019Espelidou&nbsp;\u00bb, route des Moulins de Paillas, accueille les enfants \u00e0 partir de 3 ans. Les quatre classes de maternelle (petite section, petite section\/grande section, moyenne section et grande section) permettent d\u2019accueillir une moyenne de 22 \u00e9l\u00e8ves par classe.<br>Les enfants de Gassin sont bien entendu prioritaires.<\/p>\n\n\n\n<p class=\"wp-block-paragraph\">Pour plus de renseignements, vous pouvez contacter la directrice de l\u2019\u00e9cole maternelle, Madame Florence TURRO BASTIE au 04 94 97 94 49.<\/p>\n\n\n\n<p class=\"wp-block-paragraph\">Pour les \u00e9l\u00e8ves des autres communes, une demande de d\u00e9rogation est \u00e0 retirer \u00e0 la Mairie de votre domicile et y \u00eatre d\u00e9pos\u00e9e compl\u00e9t\u00e9e avec les pi\u00e8ces justificatives demand\u00e9es. La commune de r\u00e9sidence se chargera de transmettre la demande de d\u00e9rogation \u00e0 la commune de scolarisation demand\u00e9e. En cas de questions, n\u2019h\u00e9sitez pas \u00e0 vous rapprocher des services comp\u00e9tents de la commune.<\/p>\n\n\n\n<p class=\"wp-block-paragraph\">Pour les enfants gassinois souhaitant \u00eatre scolaris\u00e9s dans une autre commune, vous pouvez t\u00e9l\u00e9charger l\u2019imprim\u00e9 de demande de d\u00e9rogation et le d\u00e9poser aupr\u00e8s du service population de la mairie de Gassin (04 94 56 62 00), accompagn\u00e9 des pi\u00e8ces justificatives indiqu\u00e9es.<\/p>\n\n\n\n<div class=\"wp-block-file\"><a id=\"wp-block-file--media-12909b1c-8a76-4acb-807f-afbd29d6df5a\" href=\"https:\/\/www.mairie-gassin.fr\/wp-content\/uploads\/2021\/07\/demande-de-derogation-1.pdf\">Demande de d\u00e9rogation<\/a><a href=\"https:\/\/www.mairie-gassin.fr\/wp-content\/uploads\/2021\/07\/demande-de-derogation-1.pdf\" class=\"wp-block-file__button wp-element-button\" download aria-describedby=\"wp-block-file--media-12909b1c-8a76-4acb-807f-afbd29d6df5a\">T\u00e9l\u00e9charger<\/a><\/div>\n\n\n\n<h2 class=\"wp-block-heading\">Ecole primaire<\/h2>\n\n\n\n<p class=\"wp-block-paragraph\">L\u2019Ecole Primaire, situ\u00e9e rue des Ecoles, dans le village, accueille les enfants pour les classes du CP au CM2, ce qui repr\u00e9sente 134 enfants. Les r\u00e8gles de d\u00e9rogation pour l\u2019\u00e9cole maternelle s\u2019appliquent \u00e9galement \u00e0 l\u2019\u00e9cole primaire.<\/p>\n\n\n\n<p class=\"wp-block-paragraph\">Pour plus de renseignements, vous pouvez contacter le directeur de l\u2019\u00e9cole primaire, Monsieur BASTIE au 04 94 56 10 61.<\/p>\n\n\n\n<p class=\"wp-block-paragraph\">Pour conna\u00eetre les dates des vacances scolaires, vous pouvez consulter <a href=\"http:\/\/www.education.gouv.fr\/pid25058\/le-calendrier-scolaire.html\">le site du Minist\u00e8re de l\u2019Education Nationale<\/a>.<\/p>\n\n\n\n<div class=\"wp-block-file\"><a id=\"wp-block-file--media-4009e36b-70f5-4df1-94ee-9c4dd22d0c50\" href=\"https:\/\/www.mairie-gassin.fr\/wp-content\/uploads\/2025\/07\/Informations-de-rentree-scolaire-2025-2026.pdf\">Informations de rentr\u00e9e scolaire 2025 2026<\/a><a href=\"https:\/\/www.mairie-gassin.fr\/wp-content\/uploads\/2025\/07\/Informations-de-rentree-scolaire-2025-2026.pdf\" class=\"wp-block-file__button wp-element-button\" download aria-describedby=\"wp-block-file--media-4009e36b-70f5-4df1-94ee-9c4dd22d0c50\">T\u00e9l\u00e9charger<\/a><\/div>\n\n\n\n<h2 class=\"wp-block-heading\">Coll\u00e8ge Victor Hugo<\/h2>\n\n\n\n<p class=\"wp-block-paragraph\">Retrouver ci-dessous la liste des fournitures scolaires pour l&rsquo;ann\u00e9e 2025\/2026<\/p>\n\n\n\n<div class=\"wp-block-file\"><a id=\"wp-block-file--media-1d52d606-a6bf-4c17-bb8a-ff8c7957d73a\" href=\"https:\/\/www.mairie-gassin.fr\/wp-content\/uploads\/2025\/07\/FOURNITURES-SCOLAIRES-COLLEGE.pdf\">Fournitures scolaires coll\u00e8ge Victor Hugo 2025\/2026<\/a><a href=\"https:\/\/www.mairie-gassin.fr\/wp-content\/uploads\/2025\/07\/FOURNITURES-SCOLAIRES-COLLEGE.pdf\" class=\"wp-block-file__button wp-element-button\" download aria-describedby=\"wp-block-file--media-1d52d606-a6bf-4c17-bb8a-ff8c7957d73a\">T\u00e9l\u00e9charger<\/a><\/div>\n\n\n\n<h2 class=\"wp-block-heading\">T\u00e9l\u00e9chargements<\/h2>\n\n\n\n<div class=\"wp-block-file\"><a id=\"wp-block-file--media-159488bb-1f7f-4a88-8061-092e7724bba5\" href=\"https:\/\/www.mairie-gassin.fr\/wp-content\/uploads\/2025\/11\/Reglement-interieur-2025-2026.pdf\">R\u00e8glement int\u00e9rieur \u00e9cole \u00e9l\u00e9mentaire 2025 2026<\/a><a href=\"https:\/\/www.mairie-gassin.fr\/wp-content\/uploads\/2025\/11\/Reglement-interieur-2025-2026.pdf\" class=\"wp-block-file__button wp-element-button\" download aria-describedby=\"wp-block-file--media-159488bb-1f7f-4a88-8061-092e7724bba5\">T\u00e9l\u00e9charger<\/a><\/div>\n\n\n\n<div class=\"wp-block-file\"><a id=\"wp-block-file--media-a800f0d9-993c-42d2-b8c9-9885cd490ed8\" href=\"https:\/\/www.mairie-gassin.fr\/wp-content\/uploads\/2025\/07\/Liste-fourniture-ecole-elementaire.pdf\">Liste fourniture \u00e9cole \u00e9l\u00e9mentaire<\/a><a href=\"https:\/\/www.mairie-gassin.fr\/wp-content\/uploads\/2025\/07\/Liste-fourniture-ecole-elementaire.pdf\" class=\"wp-block-file__button wp-element-button\" download aria-describedby=\"wp-block-file--media-a800f0d9-993c-42d2-b8c9-9885cd490ed8\">T\u00e9l\u00e9charger<\/a><\/div>\n\n\n\n<h2 class=\"wp-block-heading\">Conseils d&rsquo;\u00e9coles<\/h2>\n\n\n\n<h2 class=\"wp-block-heading\">Ecole Maternelle<\/h2>\n\n\n\n<div class=\"wp-block-file\"><a id=\"wp-block-file--media-8b5dcb66-6af7-4bc1-8280-4cc27cb89b36\" href=\"https:\/\/www.mairie-gassin.fr\/wp-content\/uploads\/2025\/11\/reglement-interieur.pdf\">r\u00e8glement int\u00e9rieur<\/a><a href=\"https:\/\/www.mairie-gassin.fr\/wp-content\/uploads\/2025\/11\/reglement-interieur.pdf\" class=\"wp-block-file__button wp-element-button\" download aria-describedby=\"wp-block-file--media-8b5dcb66-6af7-4bc1-8280-4cc27cb89b36\">T\u00e9l\u00e9charger<\/a><\/div>\n\n\n\n<div class=\"wp-block-file\"><a id=\"wp-block-file--media-5f6f4b20-4260-43b5-a02e-14882221ec5a\" href=\"https:\/\/www.mairie-gassin.fr\/wp-content\/uploads\/2026\/03\/19-Mars-2026.pdf\">19 Mars 2026<\/a><a href=\"https:\/\/www.mairie-gassin.fr\/wp-content\/uploads\/2026\/03\/19-Mars-2026.pdf\" class=\"wp-block-file__button wp-element-button\" download aria-describedby=\"wp-block-file--media-5f6f4b20-4260-43b5-a02e-14882221ec5a\">T\u00e9l\u00e9charger<\/a><\/div>\n\n\n\n<div class=\"wp-block-file\"><a id=\"wp-block-file--media-a8ef1f14-13f8-476e-972e-782ab57ba015\" href=\"https:\/\/www.mairie-gassin.fr\/wp-content\/uploads\/2025\/11\/13-Novembre-2025.pdf\">13 Novembre 2025<\/a><a href=\"https:\/\/www.mairie-gassin.fr\/wp-content\/uploads\/2025\/11\/13-Novembre-2025.pdf\" class=\"wp-block-file__button wp-element-button\" download aria-describedby=\"wp-block-file--media-a8ef1f14-13f8-476e-972e-782ab57ba015\">T\u00e9l\u00e9charger<\/a><\/div>\n\n\n\n<div class=\"wp-block-file\"><a id=\"wp-block-file--media-c1643dc5-1468-48dc-890d-c6d3bb930a77\" href=\"https:\/\/www.mairie-gassin.fr\/wp-content\/uploads\/2025\/07\/PV-Ecole-maternelle-1-er-Juillet-2025.pdf\">1er Juillet 2025<\/a><a href=\"https:\/\/www.mairie-gassin.fr\/wp-content\/uploads\/2025\/07\/PV-Ecole-maternelle-1-er-Juillet-2025.pdf\" class=\"wp-block-file__button wp-element-button\" download aria-describedby=\"wp-block-file--media-c1643dc5-1468-48dc-890d-c6d3bb930a77\">T\u00e9l\u00e9charger<\/a><\/div>\n\n\n\n<div class=\"wp-block-file\"><a id=\"wp-block-file--media-edd3899c-a2be-4403-b9ce-37f4ed7d845f\" href=\"https:\/\/www.mairie-gassin.fr\/wp-content\/uploads\/2024\/11\/PV-CONSEIL-ECOLE-14-Novembre-2024.pdf\">14 Novembre 2024<\/a><a href=\"https:\/\/www.mairie-gassin.fr\/wp-content\/uploads\/2024\/11\/PV-CONSEIL-ECOLE-14-Novembre-2024.pdf\" class=\"wp-block-file__button wp-element-button\" download aria-describedby=\"wp-block-file--media-edd3899c-a2be-4403-b9ce-37f4ed7d845f\">T\u00e9l\u00e9charger<\/a><\/div>\n\n\n\n<h2 class=\"wp-block-heading\">Ecole El\u00e9mentaire<\/h2>\n\n\n\n<div class=\"wp-block-file\"><a id=\"wp-block-file--media-a62acc28-39ef-4c50-9103-c699ac612b06\" href=\"https:\/\/www.mairie-gassin.fr\/wp-content\/uploads\/2025\/11\/Le-Comite-des-Representants-des-Parents-d-eleves.pdf\">Le Comit\u00e9 des Repr\u00e9sentants des Parents d \u00e9l\u00e8ves<\/a><a href=\"https:\/\/www.mairie-gassin.fr\/wp-content\/uploads\/2025\/11\/Le-Comite-des-Representants-des-Parents-d-eleves.pdf\" class=\"wp-block-file__button wp-element-button\" download aria-describedby=\"wp-block-file--media-a62acc28-39ef-4c50-9103-c699ac612b06\">Download<\/a><\/div>\n\n\n\n<div class=\"wp-block-file\"><a id=\"wp-block-file--media-a680a80e-087e-43e8-96a2-1b57d3ea7d2b\" href=\"https:\/\/www.mairie-gassin.fr\/wp-content\/uploads\/2026\/03\/Reglement-ecole-2025-2026.pdf\">R\u00e8glement \u00e9cole 2025 2026<\/a><a href=\"https:\/\/www.mairie-gassin.fr\/wp-content\/uploads\/2026\/03\/Reglement-ecole-2025-2026.pdf\" class=\"wp-block-file__button wp-element-button\" download aria-describedby=\"wp-block-file--media-a680a80e-087e-43e8-96a2-1b57d3ea7d2b\">T\u00e9l\u00e9charger<\/a><\/div>\n\n\n\n<div class=\"wp-block-file\"><a id=\"wp-block-file--media-8c0b5454-e478-4225-910f-81e7a5d8d82e\" href=\"https:\/\/www.mairie-gassin.fr\/wp-content\/uploads\/2026\/03\/PV-2eme-CE-23032026111608.pdf\">12 Mars 2026<\/a><a href=\"https:\/\/www.mairie-gassin.fr\/wp-content\/uploads\/2026\/03\/PV-2eme-CE-23032026111608.pdf\" class=\"wp-block-file__button wp-element-button\" download aria-describedby=\"wp-block-file--media-8c0b5454-e478-4225-910f-81e7a5d8d82e\">T\u00e9l\u00e9charger<\/a><\/div>\n\n\n\n<div class=\"wp-block-file\"><a id=\"wp-block-file--media-5bfc30a7-ee1e-4753-bf0f-5d6a4880def6\" href=\"https:\/\/www.mairie-gassin.fr\/wp-content\/uploads\/2025\/11\/6-Novembre-2025-1.pdf\">6 Novembre 2025<\/a><a href=\"https:\/\/www.mairie-gassin.fr\/wp-content\/uploads\/2025\/11\/6-Novembre-2025-1.pdf\" class=\"wp-block-file__button wp-element-button\" download aria-describedby=\"wp-block-file--media-5bfc30a7-ee1e-4753-bf0f-5d6a4880def6\">Download<\/a><\/div>\n\n\n\n<div class=\"wp-block-file\"><a id=\"wp-block-file--media-dab7116f-0022-4be7-aa73-360a4365ad57\" href=\"https:\/\/www.mairie-gassin.fr\/wp-content\/uploads\/2025\/07\/30-Juin-2025-2.pdf\">30 Juin 2025<\/a><a href=\"https:\/\/www.mairie-gassin.fr\/wp-content\/uploads\/2025\/07\/30-Juin-2025-2.pdf\" class=\"wp-block-file__button wp-element-button\" download aria-describedby=\"wp-block-file--media-dab7116f-0022-4be7-aa73-360a4365ad57\">T\u00e9l\u00e9charger<\/a><\/div>\n\n\n\n<div class=\"wp-block-file\"><a id=\"wp-block-file--media-b76c54a5-ed67-4981-8855-ad5faf0dcf2d\" href=\"https:\/\/www.mairie-gassin.fr\/wp-content\/uploads\/2025\/04\/PV-Ecole-Elementaire-1er-Avril-2025.pdf\">1er Avril 2025<\/a><a href=\"https:\/\/www.mairie-gassin.fr\/wp-content\/uploads\/2025\/04\/PV-Ecole-Elementaire-1er-Avril-2025.pdf\" class=\"wp-block-file__button wp-element-button\" download aria-describedby=\"wp-block-file--media-b76c54a5-ed67-4981-8855-ad5faf0dcf2d\">T\u00e9l\u00e9charger<\/a><\/div>\n\n\n\n<div class=\"wp-block-file\"><a id=\"wp-block-file--media-9724a6c5-6e26-4534-bb8e-b09f277d9db2\" href=\"https:\/\/www.mairie-gassin.fr\/wp-content\/uploads\/2024\/11\/PV1er-CE-5-Novembre-2024.pdf\">5 Novembre 2024<\/a><a href=\"https:\/\/www.mairie-gassin.fr\/wp-content\/uploads\/2024\/11\/PV1er-CE-5-Novembre-2024.pdf\" class=\"wp-block-file__button wp-element-button\" download aria-describedby=\"wp-block-file--media-9724a6c5-6e26-4534-bb8e-b09f277d9db2\">T\u00e9l\u00e9charger<\/a><\/div>\n","protected":false},"excerpt":{"rendered":"<p>Ecole maternelle L\u2019Ecole Maternelle de Gassin \u00ab&nbsp;L\u2019Espelidou&nbsp;\u00bb, route des Moulins de Paillas, accueille les enfants \u00e0 partir de 3 ans. Les quatre classes de maternelle (petite section, petite section\/grande section, moyenne section et grande section) permettent d\u2019accueillir une moyenne de 22 \u00e9l\u00e8ves par classe.Les enfants de Gassin sont bien entendu prioritaires. Pour plus de renseignements,<a class=\"excerpt-read-more\" href=\"https:\/\/www.mairie-gassin.fr\/fr\/famille\/scolarite\/\" title=\"ReadScolarit\u00e9\">&#8230; Read more &raquo;<\/a><\/p>\n","protected":false},"author":11,"featured_media":0,"parent":46,"menu_order":82,"comment_status":"closed","ping_status":"closed","template":"","meta":{"_acf_changed":false,"_crdt_document":"","footnotes":""},"class_list":["post-350","page","type-page","status-publish","hentry"],"acf":[],"_links":{"self":[{"href":"https:\/\/www.mairie-gassin.fr\/fr\/wp-json\/wp\/v2\/pages\/350","targetHints":{"allow":["GET"]}}],"collection":[{"href":"https:\/\/www.mairie-gassin.fr\/fr\/wp-json\/wp\/v2\/pages"}],"about":[{"href":"https:\/\/www.mairie-gassin.fr\/fr\/wp-json\/wp\/v2\/types\/page"}],"author":[{"embeddable":true,"href":"https:\/\/www.mairie-gassin.fr\/fr\/wp-json\/wp\/v2\/users\/11"}],"replies":[{"embeddable":true,"href":"https:\/\/www.mairie-gassin.fr\/fr\/wp-json\/wp\/v2\/comments?post=350"}],"version-history":[{"count":108,"href":"https:\/\/www.mairie-gassin.fr\/fr\/wp-json\/wp\/v2\/pages\/350\/revisions"}],"predecessor-version":[{"id":11818,"href":"https:\/\/www.mairie-gassin.fr\/fr\/wp-json\/wp\/v2\/pages\/350\/revisions\/11818"}],"up":[{"embeddable":true,"href":"https:\/\/www.mairie-gassin.fr\/fr\/wp-json\/wp\/v2\/pages\/46"}],"wp:attachment":[{"href":"https:\/\/www.mairie-gassin.fr\/fr\/wp-json\/wp\/v2\/media?parent=350"}],"curies":[{"name":"wp","href":"https:\/\/api.w.org\/{rel}","templated":true}]}}