{"id":6033,"date":"2023-12-20T09:23:48","date_gmt":"2023-12-20T08:23:48","guid":{"rendered":"https:\/\/www.mairie-gassin.fr\/?page_id=6033"},"modified":"2025-05-10T23:18:54","modified_gmt":"2025-05-10T21:18:54","slug":"enquetes-publiques","status":"publish","type":"page","link":"https:\/\/www.mairie-gassin.fr\/fr\/environnement-qualite-de-vie\/enquetes-publiques\/","title":{"rendered":"Enqu\u00eates publiques"},"content":{"rendered":"\n<h2 class=\"wp-block-heading\">R\u00e9vision G\u00e9n\u00e9rale du PLU &#8211; Rapport d&rsquo;Enqu\u00eate et Conclusions et Avis du Commissaire Enqu\u00eateur<\/h2>\n\n\n\n<div class=\"wp-block-file\"><a id=\"wp-block-file--media-72d97303-ed22-4c38-a0d5-758d816eb873\" href=\"https:\/\/www.mairie-gassin.fr\/wp-content\/uploads\/2023\/12\/Rapport-dEnquete.pdf\">Rapport-dEnquete<\/a><\/div>\n\n\n\n<div class=\"wp-block-file\"><a id=\"wp-block-file--media-f18b781d-c39f-42b7-a9b4-871bcf1f9f55\" href=\"https:\/\/www.mairie-gassin.fr\/wp-content\/uploads\/2023\/12\/Conslusions-et-avis-1.pdf\">Conslusions-et-avis<\/a><\/div>\n\n\n\n<h2 class=\"wp-block-heading\">D\u00e9finition des zones d&rsquo;acc\u00e9l\u00e9ration des \u00e9nergies renouvelables (\u00e0 venir)<\/h2>\n\n\n\n<figure class=\"wp-block-image size-full is-resized\"><img loading=\"lazy\" decoding=\"async\" width=\"547\" height=\"776\" src=\"https:\/\/www.mairie-gassin.fr\/wp-content\/uploads\/2024\/05\/Capture-decran-2024-05-29-094625.png\" alt=\"\" class=\"wp-image-6799\" style=\"width:587px;height:auto\" srcset=\"https:\/\/www.mairie-gassin.fr\/wp-content\/uploads\/2024\/05\/Capture-decran-2024-05-29-094625.png 547w, https:\/\/www.mairie-gassin.fr\/wp-content\/uploads\/2024\/05\/Capture-decran-2024-05-29-094625-211x300.png 211w\" sizes=\"auto, (max-width: 547px) 100vw, 547px\" \/><\/figure>\n\n\n\n<h2 class=\"wp-block-heading\"><strong>Objet de la concertation publique<\/strong><\/h2>\n\n\n\n<p class=\"wp-block-paragraph\"><strong>Afin d\u2019acc\u00e9l\u00e9rer le d\u00e9ploiement des \u00e9nergies renouvelables et renforcer l\u2019acceptabilit\u00e9 des projets dans les territoires, la loi d\u2019acc\u00e9l\u00e9ration de la production des \u00e9nergies renouvelables (loi \u00ab&nbsp;APER&nbsp;\u00bb) fait de la planification territoriale une disposition majeure, en remettant les communes au c\u0153ur du dispositif.<\/strong><\/p>\n\n\n\n<p class=\"wp-block-paragraph\">Promulgu\u00e9e en mars 2023, cette loi fait de la planification territoriale des \u00e9nergies renouvelables une priorit\u00e9. Pour cela, elle r\u00e9affirme le r\u00f4le crucial des collectivit\u00e9s territoriales et des \u00e9lus locaux en termes d\u2019am\u00e9nagement du territoire en leur donnant de nouveaux leviers d\u2019action.<\/p>\n\n\n\n<p class=\"wp-block-paragraph\">Tr\u00e8s concr\u00e8tement, elle pr\u00e9voit que les communes puissent d\u00e9finir, apr\u00e8s concertation des habitants, des \u00ab&nbsp;zones d\u2019acc\u00e9l\u00e9ration&nbsp;\u00bb (ZAENR) favorables \u00e0 l\u2019accueil des projets d\u2019\u00e9nergies renouvelables (Article L.1411-5-3 du code de l\u2019\u00e9nergie).<\/p>\n\n\n\n<h2 class=\"wp-block-heading\"><strong>Identification des zones d\u2019acc\u00e9l\u00e9ration<\/strong><\/h2>\n\n\n\n<p class=\"wp-block-paragraph\"><strong>Ces zones d\u2019acc\u00e9l\u00e9ration peuvent concerner toutes les \u00e9nergies renouvelables&nbsp;: le photovolta\u00efque, le solaire thermique, l\u2019\u00e9olien, le biogaz, la g\u00e9othermie, etc.<\/strong><\/p>\n\n\n\n<p class=\"wp-block-paragraph\">Dans ces zones, les d\u00e9lais des proc\u00e9dures seront plus pr\u00e9cis\u00e9ment encadr\u00e9s et les projets pourront b\u00e9n\u00e9ficier d\u2019avantages dans les proc\u00e9dures d\u2019appels d\u2019offres afin de faciliter leur d\u00e9ploiement (points, bonus, modulation tarifaire, etc.). L\u2019objectif est d\u2019attirer l\u2019implantation des projets sur les emplacements que les collectivit\u00e9s auront jug\u00e9s les plus opportuns dans leur projet de territoire. Pour les porteurs de projet, cela donne \u00e9galement un signal clair&nbsp;: si vous venez dans cette zone, vous venez sur un emplacement qui a \u00e9t\u00e9 coconstruit avec les acteurs locaux.<\/p>\n\n\n\n<p class=\"wp-block-paragraph\">Les projets situ\u00e9s dans la zone sont soumis aux m\u00eames proc\u00e9dures r\u00e9glementaires, notamment le respect de la s\u00e9quence&nbsp;<strong>\u00ab&nbsp;\u00e9viter- r\u00e9duire \u2013 compenser&nbsp;\u00bb<\/strong>.<\/p>\n\n\n\n<p class=\"wp-block-paragraph\">En application de l\u2019article 15 de la loi \u00ab&nbsp;Acc\u00e9l\u00e9ration de la Production d\u2019Energies Renouvelables&nbsp;\u00bb publi\u00e9e le 10 mars 2023, le minist\u00e8re de la Transition \u00e9nerg\u00e9tique a mis en place un portail afin de mettre \u00e0 disposition des collectivit\u00e9s les donn\u00e9es relatives aux \u00e9nergies renouvelables sur leur territoire ainsi qu\u2019au potentiel de d\u00e9veloppement de telles EnR.<\/p>\n\n\n\n<p class=\"wp-block-paragraph\">Site internet du portail (version b\u00eata)&nbsp;:&nbsp;<a href=\"https:\/\/geoservices.ign.fr\/portail-cartographique-enr\" target=\"_blank\" rel=\"noreferrer noopener\"><strong>https:\/\/geoservices.ign.fr\/portail-cartographique-enr<\/strong><\/a><\/p>\n\n\n\n<p class=\"wp-block-paragraph\">Ce portail doit \u00e9galement permettre aux communes la d\u00e9finition de leurs zones d\u2019acc\u00e9l\u00e9ration.<\/p>\n\n\n\n<p class=\"wp-block-paragraph\">Depuis le 1<sup>er<\/sup>&nbsp;juillet 2023, les \u00e9lus locaux sont donc invit\u00e9s \u00e0 proposer leurs zones d\u2019acc\u00e9l\u00e9ration.<\/p>\n\n\n\n<p class=\"wp-block-paragraph\">L\u2019objectif est que&nbsp;<strong>les communes puissent faire leurs remont\u00e9es \u00e0 leur&nbsp;R\u00e9f\u00e9rent Pr\u00e9fectoral.<\/strong><\/p>\n\n\n\n<p class=\"wp-block-paragraph\">Il est toutefois possible de communiquer des zones d\u2019acc\u00e9l\u00e9ration \u00e0 l\u2019\u00c9tat, au fil de l\u2019eau en concertation avec le R\u00e9f\u00e9rent Pr\u00e9fectoral.<\/p>\n\n\n\n<p class=\"wp-block-paragraph\">Ce dernier pr\u00e9sentera les zones d\u2019acc\u00e9l\u00e9ration lors d\u2019une conf\u00e9rence d\u00e9partementale. Il transmettra \u00e9galement la cartographie des zones d\u2019acc\u00e9l\u00e9ration pour avis au comit\u00e9 r\u00e9gional de l\u2019\u00e9nergie.<\/p>\n\n\n\n<p class=\"wp-block-paragraph\">L\u2019avis du comit\u00e9 r\u00e9gional de l\u2019\u00e9nergie ou de l\u2019organe en tenant lieu sera transmis aux r\u00e9f\u00e9rents pr\u00e9fectoraux au plus tard trois mois apr\u00e8s la r\u00e9ception de la cartographie des zones d\u2019acc\u00e9l\u00e9ration transmise.<\/p>\n\n\n\n<p class=\"wp-block-paragraph\">Une fois la confirmation que les zones sont suffisantes pour atteindre les objectifs r\u00e9gionalis\u00e9s de d\u00e9veloppement des \u00e9nergies renouvelables, les communes de la r\u00e9gion concern\u00e9e pourront b\u00e9n\u00e9ficier de certains avantages.<\/p>\n\n\n\n<p class=\"wp-block-paragraph\">Elles pourront notamment identifier des zones d\u2019exclusion, sur leur territoire, sur lesquelles l\u2019implantation de projets d\u2019\u00e9nergie renouvelable ne sera pas autoris\u00e9e.<\/p>\n\n\n\n<h2 class=\"wp-block-heading\"><strong>Objectifs et modalit\u00e9s de la concertation des habitants<\/strong><\/h2>\n\n\n\n<p class=\"wp-block-paragraph\">Enfin, la loi ne pr\u00e9cise pas les modalit\u00e9s de concertation des habitants. N\u00e9anmoins, une information dans le bulletin municipal, l\u2019organisation d\u2019un d\u00e9bat citoyen ou une page d\u00e9di\u00e9e sur le site internet de la commune sont des modalit\u00e9s qui peuvent utilement \u00eatre envisag\u00e9es.<\/p>\n\n\n\n<p class=\"wp-block-paragraph\">Il appartient donc au Conseil Municipal d\u2019\u00e9tablir les objectifs et les modalit\u00e9s d\u2019organisation de la concertation publique concernant la d\u00e9finition des \u00ab&nbsp;zones d\u2019acc\u00e9l\u00e9ration&nbsp;\u00bb (ZAENR) favorables \u00e0 l\u2019accueil des projets d\u2019\u00e9nergies renouvelables.<\/p>\n\n\n\n<p class=\"wp-block-paragraph\"><strong>OBJECTIFS DE LA CONCERTATION<\/strong><\/p>\n\n\n\n<ul class=\"wp-block-list\">\n<li>Informer le public sur les caract\u00e9ristiques et attendus de la loi du 10 mars 2023 relative \u00e0 l\u2019acc\u00e9l\u00e9ration de la production d\u2019\u00e9nergies renouvelables (APER)\u00a0;<\/li>\n\n\n\n<li>Pr\u00e9senter et expliciter les choix des \u00ab\u00a0zones d\u2019acc\u00e9l\u00e9ration\u00a0\u00bb (ZAENR) favorables \u00e0 l\u2019accueil des projets d\u2019\u00e9nergies renouvelables sur le territoire communal et recueillir les avis\u00a0;<\/li>\n<\/ul>\n\n\n\n<p class=\"wp-block-paragraph\"><strong>MODALIT\u00c9S DE LA CONCERTATION<\/strong><\/p>\n\n\n\n<p class=\"wp-block-paragraph\">1. La concertation sera men\u00e9e pour une dur\u00e9e de 15 jours, <strong>du 01 au 15 juin 2024<\/strong>.<\/p>\n\n\n\n<p class=\"wp-block-paragraph\">2. Un registre sera mis \u00e0 disposition du public. Ce registre permet \u00e0 chaque citoyen d\u2019apporter ses r\u00e9flexions, ses interrogations et ses remarques et de prendre connaissance des contributions pr\u00e9c\u00e9dentes.<\/p>\n\n\n\n<p class=\"wp-block-paragraph\">Ce registre sera mis \u00e0 disposition&nbsp;:<\/p>\n\n\n\n<ul class=\"wp-block-list\">\n<li>Au service urbanisme, consultable aux jours et heures habituels d\u2019ouverture,\u00a0<strong>soit du lundi au vendredi de 8h30 \u00e0 12 h et de 13 h 30 \u00e0 17 h,<\/strong>\u00a0\u00e0 l\u2019exception des jours f\u00e9ri\u00e9s et jours de fermetures exceptionnelles.<\/li>\n\n\n\n<li>Les contributions des citoyens pourront par ailleurs \u00eatre re\u00e7ues sur l\u2019adresse courriel de la commune \u00e0 l\u2019adresse suivante\u00a0:\u00a0\u00a0<a href=\"mailto:enquetepublique@mairie-gassin.fr\"><strong>enquetepublique@mairie-gassin.fr<\/strong><\/a>\u00a0et par voie postale \u00e0 l\u2019adresse suivante\u00a0<strong>Mairie de Gassin, Place de la Mairie, 83580 Gassin.<\/strong><\/li>\n<\/ul>\n\n\n\n<p class=\"wp-block-paragraph\">3. Par les m\u00eames voies et \u00e0 partir du\u00a0<strong>1 juin 2024<\/strong>\u00a0jusqu\u2019\u00e0 la fin de la concertation, sera mis \u00e0 la disposition du public un dossier pr\u00e9sentant les diff\u00e9rentes \u00ab zones d\u2019acc\u00e9l\u00e9ration \u00bb (ZAEnR) favorables \u00e0 l\u2019accueil des projets d\u2019\u00e9nergies renouvelables et qui pourraient \u00eatre d\u00e9finies sur le territoire communal.<\/p>\n\n\n\n<p class=\"wp-block-paragraph\">La cl\u00f4ture de la concertation interviendra&nbsp;<strong>le 15 juin 2024<\/strong>. Le bilan de la concertation sera ensuite adopt\u00e9 par d\u00e9lib\u00e9ration du Conseil municipal.<\/p>\n\n\n\n<h3 class=\"wp-block-heading\">Cartes des p\u00e9rim\u00e8tres retenus<\/h3>\n\n\n\n<div class=\"wp-block-file\"><a id=\"wp-block-file--media-cec3ab22-4f42-4533-9eb0-1ba008512d76\" href=\"https:\/\/www.mairie-gassin.fr\/wp-content\/uploads\/2024\/06\/Photovoltaique-sur-parking-commune.pdf\">Photovolta\u00efques-sur-parking-commune<\/a><\/div>\n\n\n\n<div class=\"wp-block-file\"><a id=\"wp-block-file--media-c2f2bfdc-2458-4ce2-b9ac-9e9c8b2d5abe\" href=\"https:\/\/www.mairie-gassin.fr\/wp-content\/uploads\/2024\/06\/Photovoltaique-et-Solaire-commune.pdf\">Photovolta\u00efques-et-Solaire-commune<\/a><\/div>\n\n\n\n<div class=\"wp-block-file\"><a id=\"wp-block-file--media-85d2ee77-0c0d-40d3-8d60-6e68cc4e462e\" href=\"https:\/\/www.mairie-gassin.fr\/wp-content\/uploads\/2024\/06\/Geothermie-commune.pdf\">G\u00e9othermie-commune<\/a><\/div>\n","protected":false},"excerpt":{"rendered":"<p>R\u00e9vision G\u00e9n\u00e9rale du PLU &#8211; Rapport d&rsquo;Enqu\u00eate et Conclusions et Avis du Commissaire Enqu\u00eateur D\u00e9finition des zones d&rsquo;acc\u00e9l\u00e9ration des \u00e9nergies renouvelables (\u00e0 venir) Objet de la concertation publique Afin d\u2019acc\u00e9l\u00e9rer le d\u00e9ploiement des \u00e9nergies renouvelables et renforcer l\u2019acceptabilit\u00e9 des projets dans les territoires, la loi d\u2019acc\u00e9l\u00e9ration de la production des \u00e9nergies renouvelables (loi \u00ab&nbsp;APER&nbsp;\u00bb) fait<a class=\"excerpt-read-more\" href=\"https:\/\/www.mairie-gassin.fr\/fr\/environnement-qualite-de-vie\/enquetes-publiques\/\" title=\"ReadEnqu\u00eates publiques\">&#8230; Read more &raquo;<\/a><\/p>\n","protected":false},"author":13,"featured_media":0,"parent":44,"menu_order":61,"comment_status":"closed","ping_status":"closed","template":"","meta":{"_acf_changed":false,"_crdt_document":"","footnotes":""},"class_list":["post-6033","page","type-page","status-publish","hentry"],"acf":[],"_links":{"self":[{"href":"https:\/\/www.mairie-gassin.fr\/fr\/wp-json\/wp\/v2\/pages\/6033","targetHints":{"allow":["GET"]}}],"collection":[{"href":"https:\/\/www.mairie-gassin.fr\/fr\/wp-json\/wp\/v2\/pages"}],"about":[{"href":"https:\/\/www.mairie-gassin.fr\/fr\/wp-json\/wp\/v2\/types\/page"}],"author":[{"embeddable":true,"href":"https:\/\/www.mairie-gassin.fr\/fr\/wp-json\/wp\/v2\/users\/13"}],"replies":[{"embeddable":true,"href":"https:\/\/www.mairie-gassin.fr\/fr\/wp-json\/wp\/v2\/comments?post=6033"}],"version-history":[{"count":8,"href":"https:\/\/www.mairie-gassin.fr\/fr\/wp-json\/wp\/v2\/pages\/6033\/revisions"}],"predecessor-version":[{"id":8380,"href":"https:\/\/www.mairie-gassin.fr\/fr\/wp-json\/wp\/v2\/pages\/6033\/revisions\/8380"}],"up":[{"embeddable":true,"href":"https:\/\/www.mairie-gassin.fr\/fr\/wp-json\/wp\/v2\/pages\/44"}],"wp:attachment":[{"href":"https:\/\/www.mairie-gassin.fr\/fr\/wp-json\/wp\/v2\/media?parent=6033"}],"curies":[{"name":"wp","href":"https:\/\/api.w.org\/{rel}","templated":true}]}}